{"id":5402,"date":"2024-04-12T10:58:38","date_gmt":"2024-04-12T09:58:38","guid":{"rendered":"https:\/\/www.comune.sestri-levante.ge.it\/?post_type=evento&#038;p=5402"},"modified":"2024-04-12T11:04:31","modified_gmt":"2024-04-12T10:04:31","slug":"andersen-festival","status":"publish","type":"evento","link":"https:\/\/www.comune.sestri-levante.ge.it\/vivere-il-comune\/eventi\/andersen-festival\/","title":{"rendered":"Andersen Festival"},"template":"","argomenti":[56],"tipi_evento":[163],"class_list":["post-5402","evento","type-evento","status-publish","hentry","argomenti-tempo-libero"],"_edit_lock":"1712916129:2","_edit_last":"2","_dci_evento_data_orario_inizio":"1717545600","_dci_evento_immagine_id":"5403","_dci_evento_immagine":"https:\/\/www.comune.sestri-levante.ge.it\/wp-content\/uploads\/2024\/04\/Andersen_2024_logo-scaled.webp","_dci_evento_descrizione_breve":"La 27 esima edizione dell\u2019Andersen Festival si terr\u00e0 dal 5 al 9 giugno 2024 con spettacoli per grandi e piccoli. Madrina e testimonial 2024 l'attrice Claudia Gerini.","_dci_evento_descrizione_completa":"\"Giocare al futuro\" \u00e8 il claim della 27 esima edizione dell\u2019Andersen Festival, in programma <strong>dal 5 al 9 giugno 2024<\/strong>, a Sestri Levante, che avr\u00e0 come madrina d\u2019eccezione del Festival e Testimonial del Premio H.C. Andersen Baia delle Favole, l\u2019attrice Claudia Gerini. Nato nel 1998 come complemento spettacolare del Premio letterario internazionale Andersen-Baia delle Favole, dedicato a fiabe inedite, che il Comune di Sestri Levante, 57 anni fa, intitol\u00f2 allo scrittore che ha fatto sognare con i suoi racconti, generazioni di bambine e bambini.\r\n\r\nIl tema centrale del Festival, promosso dal Comune di Sestri Levante e organizzato da Mediaterraneo Servizi, con la direzione artistica di Marina Petrillo, coincide con l\u2019obiettivo 4 dell\u2019agenda 2030 per lo Sviluppo sostenibile, il programma d\u2019azione sottoscritto dai governi di 193 Paesi membri delle Nazioni Unite e approvata dall\u2019ONU, che invita a promuovere un\u2019educazione di qualit\u00e0, volta ad uno sviluppo e uno stile di vita rispettoso dei diritti umani per un futuro MIGLIORE. L\u2019obiettivo del festival sar\u00e0 quindi quello di sensibilizzare i cittadini, fin da piccoli, su tematiche che sono un\u2019urgenza, nella convinzione che sia necessario agire su pi\u00f9 aspetti: sensibilizzare, educare e realizzare azioni per promuovere un impegno generativo verso un futuro in cui rispettare il prossimo e l\u2019ambiente in cui si vive.\r\n\r\nAndersen Festival \u00e8 realizzato con il contributo del Ministero della Cultura e della Regione Liguria ed ha il patrocinio di Parlamento Europeo, Unicef ed Help Code.\r\n\r\nDal 5 al 9 giugno Sestri Levante si animer\u00e0 di tanti palcoscenici su cui andranno in scena \u2013 per grandi e per piccini - spettacoli teatrali, concerti, performance di danza e di circo, incontri, percorsi esperienziali, laboratori creativi e naturalmente l\u2019attesissima cerimonia del 57\u00b0Premio Andersen-Baia delle Favole.\r\n\r\nll Festival, dal 2022, \u00e8 stato ammesso al finanziamento del Ministero della Cultura in quanto Festival Multidisciplinare e questo passaggio ha consolidato la sua vocazione ad una programmazione culturale trasversale e adatta a tutte le fasce di et\u00e0. Da sempre orientato alla narrazione in tutte le sue forme, nella sua 27 edizione, oltre ai momenti di spettacolo, offrir\u00e0 momenti di riflessione, legati ai temi dell'educazione di qualit\u00e0 e dei diritti dei bambini e momenti di formazione con workshop e attivit\u00e0 partecipative che coinvolgeranno l'intero territorio, per un appuntamento importante e atteso che d\u00e0 la possibilit\u00e0 di creare luoghi di socialit\u00e0 inaspettati e scoprire spazi cittadini inediti.\r\n\r\n\"Quest\u2019anno la magia dell'Andersen Festival torner\u00e0 a mettere al centro i bimbi e i ragazzi e, come gi\u00e0 abbiamo iniziato a fare lo scorso anno, il palcoscenico sar\u00e0 progressivamente allargato, avendo non pi\u00f9 solo il centro storico come teatro per gli spettacoli, ma anche i quartieri e il borgo di Riva faranno da sfondo agli artisti che si susseguiranno animando il primo fine settimana di giugno\u201d, sottolinea il sindaco di Sestri Levante, Francesco Solinas. \u201cNegli intensi giorni del Festival, Sestri Levante aggiunger\u00e0 alla sua bellezza l\u2019emozione di scoprire artisti, personaggi, storie e racconti che faranno divertire, riflettere, sognare le generazioni di domani, che rappresentano il futuro del mondo, e tutti coloro che vorranno entrare a far parte di quest\u2019atmosfera unica che solo l\u2019Andersen regala\u201d.\r\n\r\n\u201cL'edizione di quest'anno del Festival Andersen trasformer\u00e0 Sestri Levante in un vero e proprio palcoscenico a cielo aperto e l\u2019atmosfera creativa, colorata e gioiosa abbraccer\u00e0 non solo il centro della citt\u00e0, ma anche le sue periferie e il suggestivo borgo di Riva Trigoso come mai prima - sottolinea l\u2019assessore al Turismo ed Eventi, Giuseppe Ianni - In collaborazione con la direzione artistica, l'attenzione della manifestazione \u00e8 stata incentrata sui temi che toccano il cuore dei bambini e dei ragazzi, che tornano cos\u00ec ad essere i protagonisti indiscussi delle giornate del Festival. Gli ospiti di rilievo nazionale che animeranno le strade, le piazze e i palchi della citt\u00e0 porteranno con s\u00e9 la propria arte e il proprio stile unico, affrontando il tema centrale dell'edizione 2024: l'educazione e l\u2019istruzione di qualit\u00e0 - prosegue l\u2019assessore Ianni - Un tema importante poich\u00e9 rappresenta le fondamenta su cui si costruisce il futuro di ogni giovane, che grazie a una formazione di qualit\u00e0, pu\u00f2 sviluppare un pensiero critico e la capacit\u00e0 di osservare il mondo con occhi attenti e consapevoli, strumenti necessari per affrontare le sfide della vita\u201d.\r\n\r\nDichiara Camilla Capozzi, Direttrice Operativa di Mediaterraneo Servizi: \"Anche quest'anno Mediaterraneo Servizi giunge nel vivo dell'organizzazione di questa 27\u00b0 edizione di Andersen Festival che si prospetta davvero entusiasmante con numerosi momenti dedicati interamente a bambini e ragazzi inseriti in una programmazione che d\u00e0 ampio spazio alla valorizzazione di tutto il territorio cittadino, grazie allo sviluppo di momenti di spettacolo e attivit\u00e0 partecipative che coinvolgeranno i quartieri cosiddetti \"di cintura\". Seguiteci su <a href=\"http:\/\/www.andersensestri.it\">www.andersensestri.it<\/a> sveleremo tante curiosit\u00e0 relative al programma e al filo conduttore del Festival\u201d.\r\n\r\n\u201cIl Premio e Festival Andersen sono due punti fermi del panorama degli eventi culturali e di intrattenimento della Liguria, un appuntamento ormai storico e di grande attrattiva, capace di coniugare libri, letteratura, fantasia e spettacolo, in un contesto di grande bellezza, e di attirare anno dopo anno un pubblico sempre pi\u00f9 vasto grazie alla presenza di nomi di livello internazionale nel campo del teatro e della musica \u2013 commenta la Coordinatrice delle politiche culturali della Regione Liguria Jessica Nicolini \u2013 Il tema scelto per questa 27\u00b0 edizione del Festival, dal titolo \u2018Giocare al futuro\u2019 \u00e8 poi particolarmente importante, e parla ad ognuno di noi: coinvolge i pi\u00f9 piccoli, ma anche le famiglie e tutta la societ\u00e0 guardando al domani del nostro pianeta, chiama alla riflessione e all\u2019azione, come solo la cultura nel senso pi\u00f9 ampio del termine \u00e8 capace di fare, e lo fa puntando su quello che \u00e8 il nostro vero tesoro, le nuove generazioni\u201d.","_dci_evento_a_chi_e_rivolto":"A tutti","_dci_evento_data_orario_fine":"1717891200","_dci_evento_punti_contatto":["5406","5407","5408"],"_links":{"self":[{"href":"https:\/\/www.comune.sestri-levante.ge.it\/api\/wp\/v2\/evento\/5402","targetHints":{"allow":["GET"]}}],"collection":[{"href":"https:\/\/www.comune.sestri-levante.ge.it\/api\/wp\/v2\/evento"}],"about":[{"href":"https:\/\/www.comune.sestri-levante.ge.it\/api\/wp\/v2\/types\/evento"}],"wp:attachment":[{"href":"https:\/\/www.comune.sestri-levante.ge.it\/api\/wp\/v2\/media?parent=5402"}],"wp:term":[{"taxonomy":"argomenti","embeddable":true,"href":"https:\/\/www.comune.sestri-levante.ge.it\/api\/wp\/v2\/argomenti?post=5402"},{"taxonomy":"tipi_evento","embeddable":true,"href":"https:\/\/www.comune.sestri-levante.ge.it\/api\/wp\/v2\/tipi_evento?post=5402"}],"curies":[{"name":"wp","href":"https:\/\/api.w.org\/{rel}","templated":true}]}}